{"id":90383,"date":"2023-07-07T12:03:35","date_gmt":"2023-07-07T12:03:35","guid":{"rendered":"https:\/\/www.veraclinic.net\/teeth-whitening-in-turkey\/"},"modified":"2025-08-11T08:38:34","modified_gmt":"2025-08-11T08:38:34","slug":"zahnaufhellung-in-der-tuerkei","status":"publish","type":"page","link":"https:\/\/www.veraclinic.net\/de\/zahnaufhellung-in-der-tuerkei\/","title":{"rendered":"Zahnaufhellung in der T\u00fcrkei"},"content":{"rendered":"<div class=\"gb-grid-wrapper gb-grid-wrapper-6232a014\">\n<div class=\"gb-grid-column gb-grid-column-141c614b\"><div class=\"gb-container gb-container-141c614b\">\n\n<figure class=\"wp-block-image size-full is-resized is-style-default\"><img loading=\"lazy\" decoding=\"async\" width=\"780\" height=\"470\" src=\"https:\/\/www.veraclinic.net\/wp-content\/uploads\/2023\/07\/Teeth-Whitening-min-min-min-min.webp\" alt=\"\" class=\"wp-image-1779\" style=\"width:983px;height:undefinedpx\" srcset=\"https:\/\/www.veraclinic.net\/wp-content\/uploads\/2023\/07\/Teeth-Whitening-min-min-min-min.webp 780w, https:\/\/www.veraclinic.net\/wp-content\/uploads\/2023\/07\/Teeth-Whitening-min-min-min-min-300x181.webp 300w, https:\/\/www.veraclinic.net\/wp-content\/uploads\/2023\/07\/Teeth-Whitening-min-min-min-min-768x463.webp 768w\" sizes=\"auto, (max-width: 780px) 100vw, 780px\" \/><\/figure>\n\n\n<div class=\"gb-container gb-container-7ca13925\">\n<div class=\"wp-block-post-date__modified-date wp-block-post-date\"><time datetime=\"2025-08-11T08:38:34+03:00\"><a href=\"https:\/\/www.veraclinic.net\/de\/zahnaufhellung-in-der-tuerkei\/\">11. August 2025<\/a><\/time><\/div>\n<\/div>\n\n\n<p>Die Zahnaufhellung in der T\u00fcrkei ist eine unserer beliebtesten Behandlungen in der Vera Klinik. Wir sind bekannt f\u00fcr unsere kosteng\u00fcnstigen zahnmedizinischen Dienstleistungen und unsere preisgekr\u00f6nten Zahn\u00e4rzte. Das Aufhellen Ihrer Z\u00e4hne bringt viele Vorteile mit sich und st\u00e4rkt Ihr Selbstvertrauen fast \u00fcber Nacht, denn schlie\u00dflich sind Ihre Z\u00e4hne das Erste, was andere an Ihnen bemerken. Bei zahn\u00e4rztlichen Eingriffen sind professionelle Leistungen immer zu empfehlen, wenn Sie ein dauerhaftes Ergebnis w\u00fcnschen. Der schnellste Weg zu einem sch\u00f6nen, dauerhaften L\u00e4cheln ist unsere Zahnaufhellung.<\/p>\n\n\n\n<p>Wenn Sie einen guten ersten Eindruck machen wollen, lassen Sie Ihre Z\u00e4hne strahlen und den richtigen Blickwinkel erkennen. Manchmal kann eine Zahnaufhellung teuer sein, und wir sind der Meinung, dass Sie den besten Service zu einem annehmbaren Preis verdienen. Kontaktieren Sie uns f\u00fcr weitere Details bez\u00fcglich des Preises, in der Vera Klinik muss das keine Einschr\u00e4nkung sein!<\/p>\n\n\n\n<div id=\"ez-toc-container\" class=\"ez-toc-v2_0_82_2 counter-hierarchy ez-toc-counter ez-toc-grey ez-toc-container-direction\">\n<div class=\"ez-toc-title-container\">\n<span class=\"ez-toc-title-toggle\"><\/span><\/div>\n<nav><ul class='ez-toc-list ez-toc-list-level-1 ' ><li class='ez-toc-page-1 ez-toc-heading-level-2'><a class=\"ez-toc-link ez-toc-heading-1\" href=\"https:\/\/www.veraclinic.net\/de\/zahnaufhellung-in-der-tuerkei\/#Warum_sollten_Sie_sich_fuer_eine_Zahnaufhellungsbehandlung_in_der_Tuerkei_entscheiden\" >Warum sollten Sie sich f\u00fcr eine Zahnaufhellungsbehandlung in der T\u00fcrkei entscheiden?<\/a><\/li><li class='ez-toc-page-1 ez-toc-heading-level-2'><a class=\"ez-toc-link ez-toc-heading-2\" href=\"https:\/\/www.veraclinic.net\/de\/zahnaufhellung-in-der-tuerkei\/#Wie_funktioniert_die_Zahnaufhellung\" >Wie funktioniert die Zahnaufhellung?<\/a><\/li><li class='ez-toc-page-1 ez-toc-heading-level-2'><a class=\"ez-toc-link ez-toc-heading-3\" href=\"https:\/\/www.veraclinic.net\/de\/zahnaufhellung-in-der-tuerkei\/#Warum_verfaerben_sich_die_Zaehne\" >Warum verf\u00e4rben sich die Z\u00e4hne?<\/a><\/li><li class='ez-toc-page-1 ez-toc-heading-level-2'><a class=\"ez-toc-link ez-toc-heading-4\" href=\"https:\/\/www.veraclinic.net\/de\/zahnaufhellung-in-der-tuerkei\/#Die_Vorteile_der_Zahnaufhellung\" >Die Vorteile der Zahnaufhellung<\/a><\/li><li class='ez-toc-page-1 ez-toc-heading-level-2'><a class=\"ez-toc-link ez-toc-heading-5\" href=\"https:\/\/www.veraclinic.net\/de\/zahnaufhellung-in-der-tuerkei\/#FAQs_zur_Zahnaufhellung_in_der_Tuerkei\" >FAQs zur Zahnaufhellung in der T\u00fcrkei<\/a><ul class='ez-toc-list-level-3' ><li class='ez-toc-heading-level-3'><a class=\"ez-toc-link ez-toc-heading-6\" href=\"https:\/\/www.veraclinic.net\/de\/zahnaufhellung-in-der-tuerkei\/#Kann_eine_Zahnaufhellung_schaedlich_sein\" >Kann eine Zahnaufhellung sch\u00e4dlich sein?<\/a><\/li><li class='ez-toc-page-1 ez-toc-heading-level-3'><a class=\"ez-toc-link ez-toc-heading-7\" href=\"https:\/\/www.veraclinic.net\/de\/zahnaufhellung-in-der-tuerkei\/#Funktionieren_freiverkaeufliche_Zahnaufhellungssets\" >Funktionieren freiverk\u00e4ufliche Zahnaufhellungssets?<\/a><\/li><li class='ez-toc-page-1 ez-toc-heading-level-3'><a class=\"ez-toc-link ez-toc-heading-8\" href=\"https:\/\/www.veraclinic.net\/de\/zahnaufhellung-in-der-tuerkei\/#Kann_ich_trotzdem_eine_Zahnaufhellung_bekommen_auch_wenn_ich_bereits_Zahnfuellungen_Kronen_und_Veneers_habe\" >Kann ich trotzdem eine Zahnaufhellung bekommen auch wenn ich bereits Zahnf\u00fcllungen, Kronen und Veneers habe?<\/a><\/li><li class='ez-toc-page-1 ez-toc-heading-level-3'><a class=\"ez-toc-link ez-toc-heading-9\" href=\"https:\/\/www.veraclinic.net\/de\/zahnaufhellung-in-der-tuerkei\/#Wie_viel_kostet_eine_Zahnaufhellung\" >Wie viel kostet eine Zahnaufhellung?<\/a><\/li><li class='ez-toc-page-1 ez-toc-heading-level-3'><a class=\"ez-toc-link ez-toc-heading-10\" href=\"https:\/\/www.veraclinic.net\/de\/zahnaufhellung-in-der-tuerkei\/#Kann_Aktivkohle_Zahnverfaerbungen_entfernen\" >Kann Aktivkohle Zahnverf\u00e4rbungen entfernen?<\/a><ul class='ez-toc-list-level-4' ><li class='ez-toc-heading-level-4'><a class=\"ez-toc-link ez-toc-heading-11\" href=\"https:\/\/www.veraclinic.net\/de\/zahnaufhellung-in-der-tuerkei\/#Holen_Sie_sich_eine_kostenlose_Beratung\" >Holen Sie sich eine kostenlose Beratung<\/a><\/li><\/ul><\/li><\/ul><\/li><\/ul><\/nav><\/div>\n<h2 class=\"wp-block-heading\" id=\"h-warum-sollten-sie-sich-fur-eine-zahnaufhellungsbehandlung-in-der-turkei-entscheiden\"><span class=\"ez-toc-section\" id=\"Warum_sollten_Sie_sich_fuer_eine_Zahnaufhellungsbehandlung_in_der_Tuerkei_entscheiden\"><\/span>Warum sollten Sie sich f\u00fcr eine Zahnaufhellungsbehandlung in der T\u00fcrkei entscheiden?<span class=\"ez-toc-section-end\"><\/span><\/h2>\n\n\n\n<p>In der T\u00fcrkei sind Zahnaufhellungsbehandlungen am kosteng\u00fcnstigsten und alle unsere Zahn\u00e4rzte sind erfahren und gut qualifiziert, so dass die Qualit\u00e4t Ihrer Zahnaufhellung immer noch einen hohen Standard hat. Der g\u00fcnstige Preis bedeutet nicht, dass die Qualit\u00e4t beeintr\u00e4chtigt wird. Alle unsere Patienten sind von den erstaunlichen Ergebnissen \u00fcberw\u00e4ltigt, die wir unseren ausgezeichneten Zahn\u00e4rzten zu verdanken haben.<\/p>\n\n\n\n<h2 class=\"wp-block-heading\" id=\"h-wie-funktioniert-die-zahnaufhellung\"><span class=\"ez-toc-section\" id=\"Wie_funktioniert_die_Zahnaufhellung\"><\/span>Wie funktioniert die Zahnaufhellung?<span class=\"ez-toc-section-end\"><\/span><\/h2>\n\n\n\n<p>Die Zahnaufhellung funktioniert mit Hilfe von Gelen, die bis zum Dentin in Ihrem Mund vordringen k\u00f6nnen. Dabei handelt es sich um eine Schicht, die sich unter der dicken Oberfl\u00e4che des Zahnschmelzes, dem so genannten Dentin&nbsp; befindet. Sie sch\u00fctzt die darunter liegenden Nerven und absorbiert Flecken, die auf den Z\u00e4hnen auftreten. Zahnwei\u00dfgels helfen also, diese Schicht zu durchdringen und mit den Flecken zu interagieren. Mit anderen Worten, es tr\u00e4gt dazu bei, die chemischen Bindungen aufzubrechen, was zur Entfernung der Verf\u00e4rbungen f\u00fchrt. Viele wissen nicht, dass es das Dentin ist, das ihren Z\u00e4hnen die Farbe gibt, nicht der Zahnschmelz. Der Zahnschmelz ist lichtdurchl\u00e4ssig und nicht wei\u00df, daher zielen wir bei unseren Zahnaufhellungsdienstleistungen in der T\u00fcrkei mit unseren Zahnaufhellungsgelen auf das Dentin ab.<\/p>\n\n\n\n<h2 class=\"wp-block-heading\" id=\"h-warum-verfarben-sich-die-zahne\"><span class=\"ez-toc-section\" id=\"Warum_verfaerben_sich_die_Zaehne\"><\/span>Warum verf\u00e4rben sich die Z\u00e4hne?<span class=\"ez-toc-section-end\"><\/span><\/h2>\n\n\n\n<p>Es gibt zwei Hauptarten von Verf\u00e4rbungen, die auftreten k\u00f6nnen: extrinsische und intrinsische Verf\u00e4rbungen. Extrinsische Verf\u00e4rbungen sind die Kategorie von Verf\u00e4rbungen, mit denen viele Menschen vertraut sind, und diese Art von Verf\u00e4rbungen betrifft mehr Menschen. Wenn Sie Kaffee, Tee, Rotwein oder andere dunkle Getr\u00e4nke trinken, werden Sie wahrscheinlich Flecken auf Ihren Z\u00e4hnen haben. Auch Rauchen und Kautabak verursachen diese Verf\u00e4rbungen. Sie m\u00fcssen h\u00e4ufig Mundhygiene betreiben, um diese Flecken loszuwerden, aber das ist nicht immer einfach, insbesondere wenn Sie st\u00e4ndig dunkle Getr\u00e4nke trinken und rauchen. Bei den meisten Menschen ist die Helligkeit ihrer Z\u00e4hne durch diese Faktoren beeintr\u00e4chtigt, und die einzige Ma\u00dfnahme, um wieder ein strahlend wei\u00dfes L\u00e4cheln zu bekommen, sind Zahnaufhellungsgels.<\/p>\n\n\n\n<p>Die andere Art von Flecken sind intrinsische Verf\u00e4rbungen, die nicht so viele Menschen betreffen wie extrinsische Verf\u00e4rbungen. Aber auch wenn sie nicht so weit verbreitet sind, sind sie doch komplizierter. Die intrinsischen Verf\u00e4rbungen betreffen die tieferen Schichten des Zahns und sind viel schwieriger zu behandeln und vollst\u00e4ndig zu entfernen. Diese Verf\u00e4rbungen sind hartn\u00e4ckiger, und die Ursache ist keine gew\u00f6hnliche Angewohnheit, ein Getr\u00e4nk oder ein Nahrungsmittel, sondern in der Regel eine etwas eigenartigere Sache. Intrinsische Verf\u00e4rbungen werden durch bestimmte Medikamente, Zahnverletzungen und Fluorose verursacht. Unter Fluorose versteht man die h\u00e4ufige Einnahme von Fluorid, insbesondere in der Kindheit. Dies f\u00fchrt zu einer Verf\u00e4rbung der inneren Zahnsubstanz. Wenn Sie eine Beratung zu den Verf\u00e4rbungen auf Ihren Z\u00e4hnen w\u00fcnschen, z\u00f6gern Sie nicht, den Kontakt zu uns aufzusuchen.<\/p>\n\n\n\n<h2 class=\"wp-block-heading\" id=\"h-die-vorteile-der-zahnaufhellung\"><span class=\"ez-toc-section\" id=\"Die_Vorteile_der_Zahnaufhellung\"><\/span>Die Vorteile der Zahnaufhellung<span class=\"ez-toc-section-end\"><\/span><\/h2>\n\n\n\n<p>Es gibt viele Vorteile, die wir Ihnen mit unserer Zahnaufhellung bieten, vor allem aber einen enormen Schub f\u00fcr Ihr Selbstwertgef\u00fchl und Ihr Selbstvertrauen. Wenn Sie sich mit dem Aussehen Ihrer Z\u00e4hne nicht wohlf\u00fchlen, kann sich das auf Sie als Pers\u00f6nlichkeit auswirken. Viele unserer Kunden berichten, dass sie sich mit ihren neuen wei\u00dfen Z\u00e4hnen gl\u00fccklicher und reiner f\u00fchlen. Eine professionelle Zahnaufhellung hat viel mehr Vorteile als ein Zahnaufhellungsset zur Selbstanwendung. Ein Zahnarzt, der den Aufhellungsvorgang beaufsichtigt, ist von entscheidender und wesentlicher Bedeutung.<\/p>\n\n\n\n<h2 class=\"wp-block-heading\" id=\"h-faqs-zur-zahnaufhellung-in-der-turkei\"><span class=\"ez-toc-section\" id=\"FAQs_zur_Zahnaufhellung_in_der_Tuerkei\"><\/span>FAQs zur Zahnaufhellung in der T\u00fcrkei<span class=\"ez-toc-section-end\"><\/span><\/h2>\n\n\n\n<p>Haartransplantationsergebnisse FAQ<\/p>\n\n\n\n<h3 class=\"wp-block-heading\" id=\"h-kann-eine-zahnaufhellung-schadlich-sein\"><span class=\"ez-toc-section\" id=\"Kann_eine_Zahnaufhellung_schaedlich_sein\"><\/span>Kann eine Zahnaufhellung sch\u00e4dlich sein?<span class=\"ez-toc-section-end\"><\/span><\/h3>\n\n\n\n<p>Eine Zahnaufhellung ist nicht sch\u00e4dlich, wenn Sie zu einem professionellen Zahnarzt gehen, wie wir in der Vera Klinik. Wir stellen sicher, dass alle unsere zahn\u00e4rztlichen Dienstleistungen in einer sauberen und komfortablen Klinik durchgef\u00fchrt werden, die Covid-19 freundlich ist. Eine Zahnaufhellung ist nur dann sch\u00e4dlich, wenn Sie sie selbst mit billigen Pr\u00e4paraten oder zu h\u00e4ufig selbst durchf\u00fchren. Informieren Sie sich \u00fcber die Kosten, die Art und die langfristigen Risiken der Zahnaufhellung, bevor Sie einen Behandlungstermin vereinbaren.<\/p>\n\n\n\n<h3 class=\"wp-block-heading\" id=\"h-funktionieren-freiverkaufliche-zahnaufhellungssets\"><span class=\"ez-toc-section\" id=\"Funktionieren_freiverkaeufliche_Zahnaufhellungssets\"><\/span>Funktionieren freiverk\u00e4ufliche Zahnaufhellungssets?<span class=\"ez-toc-section-end\"><\/span><\/h3>\n\n\n\n<p>Die im Supermarkt oder an der Ladentheke gekauften Produkte haben nicht die gleiche Wirkung wie unsere Zahnaufhellungsverfahren. Wenn Sie m\u00f6chten, dass Ihre Z\u00e4hne f\u00fcr einen l\u00e4ngeren Zeitraum wei\u00dfer werden, sollten Sie eine vollst\u00e4ndige Behandlung durchf\u00fchren lassen, anstatt eine billigere Methode zu w\u00e4hlen, die Ihren Z\u00e4hnen m\u00f6glicherweise schadet. Professionelle Dienstleistungen wie unsere in der Vera Klinik k\u00f6nnen Sie nicht vergleichen.<\/p>\n\n\n\n<h3 class=\"wp-block-heading\" id=\"h-kann-ich-trotzdem-eine-zahnaufhellung-bekommen-auch-wenn-ich-bereits-zahnfullungen-kronen-und-veneers-habe\"><span class=\"ez-toc-section\" id=\"Kann_ich_trotzdem_eine_Zahnaufhellung_bekommen_auch_wenn_ich_bereits_Zahnfuellungen_Kronen_und_Veneers_habe\"><\/span>Kann ich trotzdem eine Zahnaufhellung bekommen auch wenn ich bereits Zahnf\u00fcllungen, Kronen und Veneers habe?<span class=\"ez-toc-section-end\"><\/span><\/h3>\n\n\n\n<p>Ja, wir f\u00fchren auch bei F\u00fcllungen, Kronen und Veneers eine Zahnaufhellung durch. Obwohl es unwahrscheinlich ist, dass Ihre F\u00fcllungen und Kronen noch wei\u00dfer werden, wenn sie nicht sichtbar sind, stellt dies kein Problem dar, aber wenn sie sichtbar sind, ist eine Zahnaufhellung m\u00f6glicherweise nicht das Richtige f\u00fcr Sie.<\/p>\n\n\n\n<h3 class=\"wp-block-heading\" id=\"h-wie-viel-kostet-eine-zahnaufhellung\"><span class=\"ez-toc-section\" id=\"Wie_viel_kostet_eine_Zahnaufhellung\"><\/span>Wie viel kostet eine Zahnaufhellung?<span class=\"ez-toc-section-end\"><\/span><\/h3>\n\n\n\n<p>Je nachdem, wo Sie Ihre Z\u00e4hne aufhellen lassen, werden die Kosten variieren, aber die Dienstleistungen in der T\u00fcrkei geh\u00f6ren zu den g\u00fcnstigsten M\u00f6glichkeiten. Eine professionelle Zahnaufhellung kostet etwa 200 \u2013 250 Dollar in Gro\u00dfbritannien und zwischen 600 \u2013 700 Dollar in den USA. In der T\u00fcrkei haben wir viel kosteng\u00fcnstigere Dienstleistungen, bitte kontaktieren Sie uns f\u00fcr genauere Preisinformationen.<\/p>\n\n\n\n<h3 class=\"wp-block-heading\" id=\"h-kann-aktivkohle-zahnverfarbungen-entfernen\"><span class=\"ez-toc-section\" id=\"Kann_Aktivkohle_Zahnverfaerbungen_entfernen\"><\/span>Kann Aktivkohle Zahnverf\u00e4rbungen entfernen?<span class=\"ez-toc-section-end\"><\/span><\/h3>\n\n\n\n<p>Ja, Aktivkohle ist daf\u00fcr bekannt, dass sie bei der Entfernung von Zahnverf\u00e4rbungen hilft, da es sich um ein Schleifmittel handelt. Das bedeutet, dass sie ein raues Material ist und die \u00e4u\u00dfere Schicht Ihrer Z\u00e4hne abschleift. Durch die Abnutzung der Z\u00e4hne wird der Zahnschmelz abgetragen, insbesondere wenn Sie die Aktivkohle h\u00e4ufig verwenden, was langfristig ein gr\u00f6\u00dferes Problem darstellt. Wenn kein Zahnschmelz vorhanden ist, besteht ein viel h\u00f6heres Risiko, dass die Z\u00e4hne gelb werden. Durch die Verwendung von Aktivkohle wird die urspr\u00fcngliche Absicht r\u00fcckg\u00e4ngig gemacht, und f\u00fcr langfristige Ergebnisse ist ein Aufhellungsverfahren die beste L\u00f6sung.<\/p>\n\n<\/div><\/div>\n\n<div class=\"gb-grid-column gb-grid-column-df73ed07\"><div class=\"gb-container gb-container-df73ed07 contact-sticky\">\n\n<h4 class=\"gb-headline gb-headline-1c092c04 gb-headline-text\"><span class=\"ez-toc-section\" id=\"Holen_Sie_sich_eine_kostenlose_Beratung\"><\/span><strong>Holen Sie sich eine kostenlose Beratung<\/strong><span class=\"ez-toc-section-end\"><\/span><\/h4>\n\n\n\n\n<div class=\"wpcf7 no-js\" id=\"wpcf7-f148763-o1\" lang=\"de-DE\" dir=\"ltr\" data-wpcf7-id=\"148763\">\n<div class=\"screen-reader-response\"><p role=\"status\" aria-live=\"polite\" aria-atomic=\"true\"><\/p> <ul><\/ul><\/div>\n<form action=\"\/de\/wp-json\/wp\/v2\/pages\/90383#wpcf7-f148763-o1\" method=\"post\" class=\"wpcf7-form init\" aria-label=\"Kontaktformular\" novalidate=\"novalidate\" data-status=\"init\">\n<fieldset class=\"hidden-fields-container\"><input type=\"hidden\" name=\"_wpcf7\" value=\"148763\" \/><input type=\"hidden\" name=\"_wpcf7_version\" value=\"6.1.5\" \/><input type=\"hidden\" name=\"_wpcf7_locale\" value=\"de_DE\" \/><input type=\"hidden\" name=\"_wpcf7_unit_tag\" value=\"wpcf7-f148763-o1\" \/><input type=\"hidden\" name=\"_wpcf7_container_post\" value=\"0\" \/><input type=\"hidden\" name=\"_wpcf7_posted_data_hash\" value=\"\" \/>\n<\/fieldset>\n<div class=\"cs-form-wrapper\">\n\t<p><label> Name und Vorname <span class=\"wpcf7-form-control-wrap\" data-name=\"your-name\"><input size=\"40\" maxlength=\"400\" class=\"wpcf7-form-control wpcf7-text wpcf7-validates-as-required cs-form-field\" autocomplete=\"name\" aria-required=\"true\" aria-invalid=\"false\" value=\"\" type=\"text\" name=\"your-name\" \/><\/span> <\/label>\n\t<\/p>\n\t<p><label> E-Mail <span class=\"wpcf7-form-control-wrap\" data-name=\"your-email\"><input size=\"40\" maxlength=\"400\" class=\"wpcf7-form-control wpcf7-email wpcf7-validates-as-required wpcf7-text wpcf7-validates-as-email cs-form-field\" autocomplete=\"email\" aria-required=\"true\" aria-invalid=\"false\" value=\"\" type=\"email\" name=\"your-email\" \/><\/span> <\/label>\n\t<\/p>\n\t<p><label> Telefonnummer (Whatsapp) <span class=\"wpcf7-form-control-wrap\" data-name=\"phonetext-588\"><input size=\"40\" class=\"wpcf7-form-control wpcf7-phonetext wpcf7-validates-as-required wpcf7-text wpcf7-validates-as-phonetext cs-form-field\" data-numberonly=\"true\" aria-required=\"true\" aria-invalid=\"false\" value=\"\" type=\"text\" name=\"phonetext-588\" \/><input type=\"hidden\" name=\"phonetext-588-country-code\" class=\"wpcf7-phonetext-country-code\" \/><\/span> <\/label>\n\t<\/p>\n\t<p><label> Nachricht <span class=\"wpcf7-form-control-wrap\" data-name=\"textarea-954\"><textarea cols=\"40\" rows=\"10\" maxlength=\"2000\" class=\"wpcf7-form-control wpcf7-textarea cs-form-field\" aria-invalid=\"false\" name=\"textarea-954\"><\/textarea><\/span> <\/label><br \/>\n\t<input class=\"wpcf7-form-control wpcf7-hidden\" id=\"whatsapp_uniqueid\" value=\"\" type=\"hidden\" name=\"whatsapp_uniqueid\" \/><br \/>\n<input class=\"wpcf7-form-control wpcf7-submit has-spinner cs-form-submit\" type=\"submit\" value=\"Senden\" \/>\n\t<\/p>\n<\/div><div class=\"wpcf7-response-output\" aria-hidden=\"true\"><\/div>\n<\/form>\n<\/div>\n\n\n<\/div><\/div>\n<\/div>","protected":false},"excerpt":{"rendered":"","protected":false},"author":1,"featured_media":0,"parent":0,"menu_order":0,"comment_status":"closed","ping_status":"closed","template":"","meta":{"inline_featured_image":false,"footnotes":""},"class_list":{"0":"post-90383","1":"page","2":"type-page","3":"status-publish","5":"infinite-scroll-item"},"lang":"de","translations":{"ar":90381,"fr":90382,"de":90383,"it":90385,"pt-pt":90388,"es":90389,"ru":91294},"yoast_head":"<!-- This site is optimized with the Yoast SEO Premium plugin v27.4 (Yoast SEO v27.4) - https:\/\/yoast.com\/product\/yoast-seo-premium-wordpress\/ -->\n<title>Zahnaufhellung in der T\u00fcrkei - VeraClinic<\/title>\n<meta name=\"description\" content=\"Die Zahnaufhellung in der T\u00fcrkei ist eine unserer beliebtesten Behandlungen in der Vera Klinik. Wir sind bekannt f\u00fcr unsere kosteng\u00fcnstig...\" \/>\n<meta name=\"robots\" content=\"index, follow, max-snippet:-1, max-image-preview:large, max-video-preview:-1\" \/>\n<link rel=\"canonical\" href=\"https:\/\/www.veraclinic.net\/de\/zahnaufhellung-in-der-tuerkei\/\" \/>\n<meta property=\"og:locale\" content=\"de_DE\" \/>\n<meta property=\"og:type\" content=\"article\" \/>\n<meta property=\"og:title\" content=\"Zahnaufhellung in der T\u00fcrkei\" \/>\n<meta property=\"og:description\" content=\"Die Zahnaufhellung in der T\u00fcrkei ist eine unserer beliebtesten Behandlungen in der Vera Klinik. Wir sind bekannt f\u00fcr unsere kosteng\u00fcnstig...\" \/>\n<meta property=\"og:url\" content=\"https:\/\/www.veraclinic.net\/de\/zahnaufhellung-in-der-tuerkei\/\" \/>\n<meta property=\"og:site_name\" content=\"VeraClinic\" \/>\n<meta property=\"article:publisher\" content=\"https:\/\/www.facebook.com\/veraclinic.net\" \/>\n<meta property=\"article:modified_time\" content=\"2025-08-11T08:38:34+00:00\" \/>\n<meta property=\"og:image\" content=\"https:\/\/www.veraclinic.net\/wp-content\/uploads\/2023\/07\/Teeth-Whitening-min-min-min-min.webp\" \/>\n\t<meta property=\"og:image:width\" content=\"780\" \/>\n\t<meta property=\"og:image:height\" content=\"470\" \/>\n\t<meta property=\"og:image:type\" content=\"image\/webp\" \/>\n<meta name=\"twitter:card\" content=\"summary_large_image\" \/>\n<meta name=\"twitter:site\" content=\"@veraclinic\" \/>\n<meta name=\"twitter:label1\" content=\"Gesch\u00e4tzte Lesezeit\" \/>\n\t<meta name=\"twitter:data1\" content=\"5\u00a0Minuten\" \/>\n<script type=\"application\/ld+json\" class=\"yoast-schema-graph\">{\"@context\":\"https:\\\/\\\/schema.org\",\"@graph\":[{\"@type\":\"MedicalWebPage\",\"@id\":\"https:\\\/\\\/www.veraclinic.net\\\/de\\\/zahnaufhellung-in-der-tuerkei\\\/#article\",\"isPartOf\":{\"@id\":\"https:\\\/\\\/www.veraclinic.net\\\/de\\\/zahnaufhellung-in-der-tuerkei\\\/\"},\"author\":{\"name\":\"Serkan Kaya\",\"@id\":\"https:\\\/\\\/www.veraclinic.net\\\/de\\\/#\\\/schema\\\/person\\\/cf2a89faa60b0f336c0e3ddd9a9ebf93\"},\"headline\":\"Zahnaufhellung in der T\u00fcrkei\",\"datePublished\":\"2023-07-07T12:03:35+00:00\",\"dateModified\":\"2025-08-11T08:38:34+00:00\",\"mainEntityOfPage\":{\"@id\":\"https:\\\/\\\/www.veraclinic.net\\\/de\\\/zahnaufhellung-in-der-tuerkei\\\/\"},\"wordCount\":1174,\"publisher\":{\"@id\":\"https:\\\/\\\/www.veraclinic.net\\\/de\\\/#organization\"},\"image\":{\"@id\":\"https:\\\/\\\/www.veraclinic.net\\\/de\\\/zahnaufhellung-in-der-tuerkei\\\/#primaryimage\"},\"thumbnailUrl\":\"https:\\\/\\\/www.veraclinic.net\\\/wp-content\\\/uploads\\\/2023\\\/07\\\/Teeth-Whitening-min-min-min-min.webp\",\"inLanguage\":\"de\",\"reviewedBy\":{\"@type\":\"Physician\",\"@id\":\"https:\\\/\\\/www.veraclinic.net\\\/our-doctors\\\/emin-gul\\\/#physician\"},\"lastReviewed\":\"2025-08-11\",\"audience\":{\"@type\":\"MedicalAudience\",\"audienceType\":\"Patients\"}},{\"@type\":\"MedicalWebPage\",\"@id\":\"https:\\\/\\\/www.veraclinic.net\\\/de\\\/zahnaufhellung-in-der-tuerkei\\\/\",\"url\":\"https:\\\/\\\/www.veraclinic.net\\\/de\\\/zahnaufhellung-in-der-tuerkei\\\/\",\"name\":\"Zahnaufhellung in der T\u00fcrkei - VeraClinic\",\"isPartOf\":{\"@id\":\"https:\\\/\\\/www.veraclinic.net\\\/de\\\/#website\"},\"primaryImageOfPage\":{\"@id\":\"https:\\\/\\\/www.veraclinic.net\\\/de\\\/zahnaufhellung-in-der-tuerkei\\\/#primaryimage\"},\"image\":{\"@id\":\"https:\\\/\\\/www.veraclinic.net\\\/de\\\/zahnaufhellung-in-der-tuerkei\\\/#primaryimage\"},\"thumbnailUrl\":\"https:\\\/\\\/www.veraclinic.net\\\/wp-content\\\/uploads\\\/2023\\\/07\\\/Teeth-Whitening-min-min-min-min.webp\",\"datePublished\":\"2023-07-07T12:03:35+00:00\",\"dateModified\":\"2025-08-11T08:38:34+00:00\",\"description\":\"Die Zahnaufhellung in der T\u00fcrkei ist eine unserer beliebtesten Behandlungen in der Vera Klinik. Wir sind bekannt f\u00fcr unsere kosteng\u00fcnstig...\",\"breadcrumb\":{\"@id\":\"https:\\\/\\\/www.veraclinic.net\\\/de\\\/zahnaufhellung-in-der-tuerkei\\\/#breadcrumb\"},\"inLanguage\":\"de\",\"potentialAction\":[{\"@type\":\"ReadAction\",\"target\":[\"https:\\\/\\\/www.veraclinic.net\\\/de\\\/zahnaufhellung-in-der-tuerkei\\\/\"]}],\"reviewedBy\":{\"@type\":\"Physician\",\"@id\":\"https:\\\/\\\/www.veraclinic.net\\\/our-doctors\\\/emin-gul\\\/#physician\"},\"lastReviewed\":\"2025-08-11\",\"audience\":{\"@type\":\"MedicalAudience\",\"audienceType\":\"Patients\"}},{\"@type\":\"ImageObject\",\"inLanguage\":\"de\",\"@id\":\"https:\\\/\\\/www.veraclinic.net\\\/de\\\/zahnaufhellung-in-der-tuerkei\\\/#primaryimage\",\"url\":\"https:\\\/\\\/www.veraclinic.net\\\/wp-content\\\/uploads\\\/2023\\\/07\\\/Teeth-Whitening-min-min-min-min.webp\",\"contentUrl\":\"https:\\\/\\\/www.veraclinic.net\\\/wp-content\\\/uploads\\\/2023\\\/07\\\/Teeth-Whitening-min-min-min-min.webp\"},{\"@type\":\"BreadcrumbList\",\"@id\":\"https:\\\/\\\/www.veraclinic.net\\\/de\\\/zahnaufhellung-in-der-tuerkei\\\/#breadcrumb\",\"itemListElement\":[{\"@type\":\"ListItem\",\"position\":1,\"name\":\"Haartransplantation in der T\u00fcrkei\",\"item\":\"https:\\\/\\\/www.veraclinic.net\\\/de\\\/\"},{\"@type\":\"ListItem\",\"position\":2,\"name\":\"Zahnaufhellung in der T\u00fcrkei\"}]},{\"@type\":\"WebSite\",\"@id\":\"https:\\\/\\\/www.veraclinic.net\\\/de\\\/#website\",\"url\":\"https:\\\/\\\/www.veraclinic.net\\\/de\\\/\",\"name\":\"Hair Transplant Turkey - Istanbul 2026\",\"description\":\"Hair Transplant Turkey - Istanbul 2026\",\"publisher\":{\"@id\":\"https:\\\/\\\/www.veraclinic.net\\\/de\\\/#organization\"},\"alternateName\":\"Vera Clinic\",\"potentialAction\":[{\"@type\":\"SearchAction\",\"target\":{\"@type\":\"EntryPoint\",\"urlTemplate\":\"https:\\\/\\\/www.veraclinic.net\\\/de\\\/?s={search_term_string}\"},\"query-input\":{\"@type\":\"PropertyValueSpecification\",\"valueRequired\":true,\"valueName\":\"search_term_string\"}}],\"inLanguage\":\"de\"},{\"@type\":[\"Organization\",\"MedicalBusiness\",\"MedicalOrganization\"],\"@id\":\"https:\\\/\\\/www.veraclinic.net\\\/#medicalorg\",\"name\":\"Vera Clinic | Hair Transplant Turkey - Istanbul\",\"alternateName\":\"Vera Clinic\",\"url\":\"https:\\\/\\\/www.veraclinic.net\\\/de\\\/\",\"logo\":{\"@type\":\"ImageObject\",\"inLanguage\":\"de\",\"@id\":\"https:\\\/\\\/www.veraclinic.net\\\/de\\\/#\\\/schema\\\/logo\\\/image\\\/\",\"url\":\"https:\\\/\\\/www.veraclinic.net\\\/wp-content\\\/uploads\\\/2023\\\/08\\\/Black.svg\",\"contentUrl\":\"https:\\\/\\\/www.veraclinic.net\\\/wp-content\\\/uploads\\\/2023\\\/08\\\/Black.svg\",\"caption\":\"Vera Clinic | Hair Transplant Turkey - Istanbul\"},\"image\":{\"@id\":\"https:\\\/\\\/www.veraclinic.net\\\/de\\\/#\\\/schema\\\/logo\\\/image\\\/\"},\"sameAs\":[\"https:\\\/\\\/www.facebook.com\\\/veraclinic.net\",\"https:\\\/\\\/x.com\\\/veraclinic\",\"https:\\\/\\\/www.instagram.com\\\/veraclinic\",\"https:\\\/\\\/www.linkedin.com\\\/company\\\/veraclinic\\\/\",\"https:\\\/\\\/www.pinterest.com\\\/veraclinic\\\/\",\"https:\\\/\\\/www.youtube.com\\\/c\\\/VeraClinic\"],\"legalName\":\"ESTEVERA SA\u011eLIK H\u0130Z. VE DAN. T\u0130C. LTD. ST\u0130.\",\"vatID\":\"936499-0\",\"taxID\":\"3800538109\",\"medicalSpecialty\":[\"Dermatology\",\"PlasticSurgery\",\"Hair Restoration\"],\"slogan\":\"Hair Transplant Turkey - Istanbul 2026\",\"department\":{\"@type\":\"MedicalClinic\",\"name\":\"Hair Restoration Clinic\",\"image\":\"https:\\\/\\\/www.veraclinic.net\\\/wp-content\\\/uploads\\\/2023\\\/08\\\/Black.svg\"}},{\"@type\":\"Person\",\"@id\":\"https:\\\/\\\/www.veraclinic.net\\\/de\\\/#\\\/schema\\\/person\\\/cf2a89faa60b0f336c0e3ddd9a9ebf93\",\"name\":\"Serkan Kaya\",\"image\":{\"@type\":\"ImageObject\",\"inLanguage\":\"de\",\"@id\":\"https:\\\/\\\/secure.gravatar.com\\\/avatar\\\/7be7270f63c439d0c7a2eb338af8fdae8d8a9bcf26af0aa6d1e01bfdf92390b5?s=96&d=mm&r=g\",\"url\":\"https:\\\/\\\/secure.gravatar.com\\\/avatar\\\/7be7270f63c439d0c7a2eb338af8fdae8d8a9bcf26af0aa6d1e01bfdf92390b5?s=96&d=mm&r=g\",\"contentUrl\":\"https:\\\/\\\/secure.gravatar.com\\\/avatar\\\/7be7270f63c439d0c7a2eb338af8fdae8d8a9bcf26af0aa6d1e01bfdf92390b5?s=96&d=mm&r=g\",\"caption\":\"Serkan Kaya\"},\"sameAs\":[\"https:\\\/\\\/www.veraclinic.net\"]}]}<\/script>\n<!-- \/ Yoast SEO Premium plugin. -->","yoast_head_json":{"title":"Zahnaufhellung in der T\u00fcrkei - VeraClinic","description":"Die Zahnaufhellung in der T\u00fcrkei ist eine unserer beliebtesten Behandlungen in der Vera Klinik. Wir sind bekannt f\u00fcr unsere kosteng\u00fcnstig...","robots":{"index":"index","follow":"follow","max-snippet":"max-snippet:-1","max-image-preview":"max-image-preview:large","max-video-preview":"max-video-preview:-1"},"canonical":"https:\/\/www.veraclinic.net\/de\/zahnaufhellung-in-der-tuerkei\/","og_locale":"de_DE","og_type":"article","og_title":"Zahnaufhellung in der T\u00fcrkei","og_description":"Die Zahnaufhellung in der T\u00fcrkei ist eine unserer beliebtesten Behandlungen in der Vera Klinik. Wir sind bekannt f\u00fcr unsere kosteng\u00fcnstig...","og_url":"https:\/\/www.veraclinic.net\/de\/zahnaufhellung-in-der-tuerkei\/","og_site_name":"VeraClinic","article_publisher":"https:\/\/www.facebook.com\/veraclinic.net","article_modified_time":"2025-08-11T08:38:34+00:00","og_image":[{"width":780,"height":470,"url":"https:\/\/www.veraclinic.net\/wp-content\/uploads\/2023\/07\/Teeth-Whitening-min-min-min-min.webp","type":"image\/webp"}],"twitter_card":"summary_large_image","twitter_site":"@veraclinic","twitter_misc":{"Gesch\u00e4tzte Lesezeit":"5\u00a0Minuten"},"schema":{"@context":"https:\/\/schema.org","@graph":[{"@type":"MedicalWebPage","@id":"https:\/\/www.veraclinic.net\/de\/zahnaufhellung-in-der-tuerkei\/#article","isPartOf":{"@id":"https:\/\/www.veraclinic.net\/de\/zahnaufhellung-in-der-tuerkei\/"},"author":{"name":"Serkan Kaya","@id":"https:\/\/www.veraclinic.net\/de\/#\/schema\/person\/cf2a89faa60b0f336c0e3ddd9a9ebf93"},"headline":"Zahnaufhellung in der T\u00fcrkei","datePublished":"2023-07-07T12:03:35+00:00","dateModified":"2025-08-11T08:38:34+00:00","mainEntityOfPage":{"@id":"https:\/\/www.veraclinic.net\/de\/zahnaufhellung-in-der-tuerkei\/"},"wordCount":1174,"publisher":{"@id":"https:\/\/www.veraclinic.net\/de\/#organization"},"image":{"@id":"https:\/\/www.veraclinic.net\/de\/zahnaufhellung-in-der-tuerkei\/#primaryimage"},"thumbnailUrl":"https:\/\/www.veraclinic.net\/wp-content\/uploads\/2023\/07\/Teeth-Whitening-min-min-min-min.webp","inLanguage":"de","reviewedBy":{"@type":"Physician","@id":"https:\/\/www.veraclinic.net\/our-doctors\/emin-gul\/#physician"},"lastReviewed":"2025-08-11","audience":{"@type":"MedicalAudience","audienceType":"Patients"}},{"@type":"MedicalWebPage","@id":"https:\/\/www.veraclinic.net\/de\/zahnaufhellung-in-der-tuerkei\/","url":"https:\/\/www.veraclinic.net\/de\/zahnaufhellung-in-der-tuerkei\/","name":"Zahnaufhellung in der T\u00fcrkei - VeraClinic","isPartOf":{"@id":"https:\/\/www.veraclinic.net\/de\/#website"},"primaryImageOfPage":{"@id":"https:\/\/www.veraclinic.net\/de\/zahnaufhellung-in-der-tuerkei\/#primaryimage"},"image":{"@id":"https:\/\/www.veraclinic.net\/de\/zahnaufhellung-in-der-tuerkei\/#primaryimage"},"thumbnailUrl":"https:\/\/www.veraclinic.net\/wp-content\/uploads\/2023\/07\/Teeth-Whitening-min-min-min-min.webp","datePublished":"2023-07-07T12:03:35+00:00","dateModified":"2025-08-11T08:38:34+00:00","description":"Die Zahnaufhellung in der T\u00fcrkei ist eine unserer beliebtesten Behandlungen in der Vera Klinik. Wir sind bekannt f\u00fcr unsere kosteng\u00fcnstig...","breadcrumb":{"@id":"https:\/\/www.veraclinic.net\/de\/zahnaufhellung-in-der-tuerkei\/#breadcrumb"},"inLanguage":"de","potentialAction":[{"@type":"ReadAction","target":["https:\/\/www.veraclinic.net\/de\/zahnaufhellung-in-der-tuerkei\/"]}],"reviewedBy":{"@type":"Physician","@id":"https:\/\/www.veraclinic.net\/our-doctors\/emin-gul\/#physician"},"lastReviewed":"2025-08-11","audience":{"@type":"MedicalAudience","audienceType":"Patients"}},{"@type":"ImageObject","inLanguage":"de","@id":"https:\/\/www.veraclinic.net\/de\/zahnaufhellung-in-der-tuerkei\/#primaryimage","url":"https:\/\/www.veraclinic.net\/wp-content\/uploads\/2023\/07\/Teeth-Whitening-min-min-min-min.webp","contentUrl":"https:\/\/www.veraclinic.net\/wp-content\/uploads\/2023\/07\/Teeth-Whitening-min-min-min-min.webp"},{"@type":"BreadcrumbList","@id":"https:\/\/www.veraclinic.net\/de\/zahnaufhellung-in-der-tuerkei\/#breadcrumb","itemListElement":[{"@type":"ListItem","position":1,"name":"Haartransplantation in der T\u00fcrkei","item":"https:\/\/www.veraclinic.net\/de\/"},{"@type":"ListItem","position":2,"name":"Zahnaufhellung in der T\u00fcrkei"}]},{"@type":"WebSite","@id":"https:\/\/www.veraclinic.net\/de\/#website","url":"https:\/\/www.veraclinic.net\/de\/","name":"Hair Transplant Turkey - Istanbul 2026","description":"Hair Transplant Turkey - Istanbul 2026","publisher":{"@id":"https:\/\/www.veraclinic.net\/de\/#organization"},"alternateName":"Vera Clinic","potentialAction":[{"@type":"SearchAction","target":{"@type":"EntryPoint","urlTemplate":"https:\/\/www.veraclinic.net\/de\/?s={search_term_string}"},"query-input":{"@type":"PropertyValueSpecification","valueRequired":true,"valueName":"search_term_string"}}],"inLanguage":"de"},{"@type":["Organization","MedicalBusiness","MedicalOrganization"],"@id":"https:\/\/www.veraclinic.net\/#medicalorg","name":"Vera Clinic | Hair Transplant Turkey - Istanbul","alternateName":"Vera Clinic","url":"https:\/\/www.veraclinic.net\/de\/","logo":{"@type":"ImageObject","inLanguage":"de","@id":"https:\/\/www.veraclinic.net\/de\/#\/schema\/logo\/image\/","url":"https:\/\/www.veraclinic.net\/wp-content\/uploads\/2023\/08\/Black.svg","contentUrl":"https:\/\/www.veraclinic.net\/wp-content\/uploads\/2023\/08\/Black.svg","caption":"Vera Clinic | Hair Transplant Turkey - Istanbul"},"image":{"@id":"https:\/\/www.veraclinic.net\/de\/#\/schema\/logo\/image\/"},"sameAs":["https:\/\/www.facebook.com\/veraclinic.net","https:\/\/x.com\/veraclinic","https:\/\/www.instagram.com\/veraclinic","https:\/\/www.linkedin.com\/company\/veraclinic\/","https:\/\/www.pinterest.com\/veraclinic\/","https:\/\/www.youtube.com\/c\/VeraClinic"],"legalName":"ESTEVERA SA\u011eLIK H\u0130Z. VE DAN. T\u0130C. LTD. ST\u0130.","vatID":"936499-0","taxID":"3800538109","medicalSpecialty":["Dermatology","PlasticSurgery","Hair Restoration"],"slogan":"Hair Transplant Turkey - Istanbul 2026","department":{"@type":"MedicalClinic","name":"Hair Restoration Clinic","image":"https:\/\/www.veraclinic.net\/wp-content\/uploads\/2023\/08\/Black.svg"}},{"@type":"Person","@id":"https:\/\/www.veraclinic.net\/de\/#\/schema\/person\/cf2a89faa60b0f336c0e3ddd9a9ebf93","name":"Serkan Kaya","image":{"@type":"ImageObject","inLanguage":"de","@id":"https:\/\/secure.gravatar.com\/avatar\/7be7270f63c439d0c7a2eb338af8fdae8d8a9bcf26af0aa6d1e01bfdf92390b5?s=96&d=mm&r=g","url":"https:\/\/secure.gravatar.com\/avatar\/7be7270f63c439d0c7a2eb338af8fdae8d8a9bcf26af0aa6d1e01bfdf92390b5?s=96&d=mm&r=g","contentUrl":"https:\/\/secure.gravatar.com\/avatar\/7be7270f63c439d0c7a2eb338af8fdae8d8a9bcf26af0aa6d1e01bfdf92390b5?s=96&d=mm&r=g","caption":"Serkan Kaya"},"sameAs":["https:\/\/www.veraclinic.net"]}]}},"_links":{"self":[{"href":"https:\/\/www.veraclinic.net\/de\/wp-json\/wp\/v2\/pages\/90383","targetHints":{"allow":["GET"]}}],"collection":[{"href":"https:\/\/www.veraclinic.net\/de\/wp-json\/wp\/v2\/pages"}],"about":[{"href":"https:\/\/www.veraclinic.net\/de\/wp-json\/wp\/v2\/types\/page"}],"author":[{"embeddable":true,"href":"https:\/\/www.veraclinic.net\/de\/wp-json\/wp\/v2\/users\/1"}],"replies":[{"embeddable":true,"href":"https:\/\/www.veraclinic.net\/de\/wp-json\/wp\/v2\/comments?post=90383"}],"version-history":[{"count":3,"href":"https:\/\/www.veraclinic.net\/de\/wp-json\/wp\/v2\/pages\/90383\/revisions"}],"predecessor-version":[{"id":149851,"href":"https:\/\/www.veraclinic.net\/de\/wp-json\/wp\/v2\/pages\/90383\/revisions\/149851"}],"wp:attachment":[{"href":"https:\/\/www.veraclinic.net\/de\/wp-json\/wp\/v2\/media?parent=90383"}],"curies":[{"name":"wp","href":"https:\/\/api.w.org\/{rel}","templated":true}]}}