{"id":167162,"date":"2026-04-14T16:53:24","date_gmt":"2026-04-14T13:53:24","guid":{"rendered":"https:\/\/www.veraclinic.net\/unsere-arzte\/aslican-cakkalkurt\/"},"modified":"2026-04-14T17:09:22","modified_gmt":"2026-04-14T14:09:22","slug":"aslican-cakkalkurt","status":"publish","type":"page","link":"https:\/\/www.veraclinic.net\/de\/unsere-arzte\/aslican-cakkalkurt\/","title":{"rendered":"Asl\u0131can \u00c7akkalkurt"},"content":{"rendered":"<div class=\"gb-container gb-container-48ecba5a\">\n<div class=\"gb-container gb-container-e1f86c54\">\n<div class=\"gb-container gb-container-2fc5b5ef\">\n<div class=\"gb-container gb-container-b6706725\">\n<div class=\"gb-grid-wrapper gb-grid-wrapper-3ce32d4f\">\n<div class=\"gb-grid-column gb-grid-column-01509a69\"><div class=\"gb-container gb-container-01509a69\">\n\n<p class=\"gb-headline gb-headline-95ef6b19 gb-headline-text\"><a href=\"https:\/\/www.veraclinic.net\/de\/unsere-arzte\/dt-nilay-calikoglu\/nilay-calikoglu-2\/#main#main\"><\/a>Asl\u0131can cakkalkurt<\/p>\n\n\n\n<h3 class=\"gb-headline gb-headline-57eb9562 gb-headline-text\">Fach\u00e4rztin f\u00fcr Hyperbarmedizin<\/h3>\n\n\n\n<p>Sie schloss ihr Studium an der Medizinischen Fakult\u00e4t der Universit\u00e4t Istanbul (2002) und am Fachbereich Betriebswirtschaftslehre (englischer Studiengang) der Marmara-Universit\u00e4t (2007) ab. Ihre klinische Ausbildung in Neurologie absolvierte sie an der Medizinischen Fakult\u00e4t der Marmara-Universit\u00e4t und am Dr. L\u00fctfi K\u0131rdar Ausbildungs- und Forschungskrankenhaus. Im Jahr 2012 schloss sie ihre Facharztausbildung in Unterwasser- und Hyperbarmedizin an der Medizinischen Fakult\u00e4t der Universit\u00e4t Istanbul ab.<\/p>\n\n\n\n<p>Sie ist spezialisiert auf hyperbare Sauerstofftherapie und Unterwassermedizin sowie auf Bereiche der Komplement\u00e4rmedizin wie Ozontherapie, Phytotherapie, Aromatherapie, Mesotherapie, Reflexzonenmassage und Schr\u00f6pftherapie.<\/p>\n\n\n<div class=\"gb-container gb-container-07080c07\"><\/div>\n<\/div><\/div>\n\n<div class=\"gb-grid-column gb-grid-column-9471f60b\"><div class=\"gb-container gb-container-9471f60b\">\n\n<figure class=\"gb-block-image gb-block-image-6e351467\"><img loading=\"lazy\" decoding=\"async\" width=\"600\" height=\"600\" class=\"gb-image gb-image-6e351467\" src=\"https:\/\/www.veraclinic.net\/wp-content\/uploads\/2026\/04\/dktor.png\" alt=\"dr asl\u0131can \u00e7akkalkurt\" title=\"dktor\" srcset=\"https:\/\/www.veraclinic.net\/wp-content\/uploads\/2026\/04\/dktor.png 600w, https:\/\/www.veraclinic.net\/wp-content\/uploads\/2026\/04\/dktor-300x300.png 300w, https:\/\/www.veraclinic.net\/wp-content\/uploads\/2026\/04\/dktor-150x150.png 150w\" sizes=\"auto, (max-width: 600px) 100vw, 600px\" \/><\/figure>\n\n\n<div class=\"gb-container gb-container-ec11ecc3\"><\/div>\n<\/div><\/div>\n<\/div>\n<\/div>\n<\/div>\n<\/div>\n<\/div>","protected":false},"excerpt":{"rendered":"","protected":false},"author":15,"featured_media":0,"parent":90825,"menu_order":0,"comment_status":"closed","ping_status":"closed","template":"","meta":{"inline_featured_image":false,"footnotes":""},"class_list":{"0":"post-167162","1":"page","2":"type-page","3":"status-publish","5":"infinite-scroll-item"},"lang":"de","translations":{"en":167150,"ar":167154,"fr":167159,"de":167162,"it":167164,"pt-pt":167169,"es":167171,"ru":167174},"yoast_head":"<!-- This site is optimized with the Yoast SEO Premium plugin v27.4 (Yoast SEO v27.4) - https:\/\/yoast.com\/product\/yoast-seo-premium-wordpress\/ -->\n<title>Asl\u0131can \u00c7akkalkurt - Vera Clinic<\/title>\n<meta name=\"description\" content=\"Aslican Cakkalkurt ist an der Medizinischen Fakult\u00e4t Istanbul auf \u201eUnterwasser- und Hyperbarmedizin\u201c spezialisiert. Dar\u00fcber hinaus hat sie sich auf Bereiche der Komplement\u00e4rmedizin wie Ozontherapie, Phytotherapie, Aromatherapie, Mesotherapie, Reflexzonenmassage und Schr\u00f6pftherapie spezialisiert.\" \/>\n<meta name=\"robots\" content=\"index, follow, max-snippet:-1, max-image-preview:large, max-video-preview:-1\" \/>\n<link rel=\"canonical\" href=\"https:\/\/www.veraclinic.net\/de\/unsere-arzte\/aslican-cakkalkurt\/\" \/>\n<meta property=\"og:locale\" content=\"de_DE\" \/>\n<meta property=\"og:type\" content=\"article\" \/>\n<meta property=\"og:title\" content=\"Asl\u0131can \u00c7akkalkurt\" \/>\n<meta property=\"og:description\" content=\"Aslican Cakkalkurt ist an der Medizinischen Fakult\u00e4t Istanbul auf \u201eUnterwasser- und Hyperbarmedizin\u201c spezialisiert. Dar\u00fcber hinaus hat sie sich auf Bereiche der Komplement\u00e4rmedizin wie Ozontherapie, Phytotherapie, Aromatherapie, Mesotherapie, Reflexzonenmassage und Schr\u00f6pftherapie spezialisiert.\" \/>\n<meta property=\"og:url\" content=\"https:\/\/www.veraclinic.net\/de\/unsere-arzte\/aslican-cakkalkurt\/\" \/>\n<meta property=\"og:site_name\" content=\"VeraClinic\" \/>\n<meta property=\"article:publisher\" content=\"https:\/\/www.facebook.com\/veraclinic.net\" \/>\n<meta property=\"article:modified_time\" content=\"2026-04-14T14:09:22+00:00\" \/>\n<meta property=\"og:image\" content=\"https:\/\/www.veraclinic.net\/wp-content\/uploads\/2026\/04\/dktor.png\" \/>\n<meta name=\"twitter:card\" content=\"summary_large_image\" \/>\n<meta name=\"twitter:site\" content=\"@veraclinic\" \/>\n<meta name=\"twitter:label1\" content=\"Gesch\u00e4tzte Lesezeit\" \/>\n\t<meta name=\"twitter:data1\" content=\"1\u00a0Minute\" \/>\n<script type=\"application\/ld+json\" class=\"yoast-schema-graph\">{\"@context\":\"https:\\\/\\\/schema.org\",\"@graph\":[{\"@type\":\"MedicalWebPage\",\"@id\":\"https:\\\/\\\/www.veraclinic.net\\\/de\\\/unsere-arzte\\\/aslican-cakkalkurt\\\/#article\",\"isPartOf\":{\"@id\":\"https:\\\/\\\/www.veraclinic.net\\\/de\\\/unsere-arzte\\\/aslican-cakkalkurt\\\/\"},\"author\":{\"name\":\"Sude Anbarl\u0131\",\"@id\":\"https:\\\/\\\/www.veraclinic.net\\\/de\\\/#\\\/schema\\\/person\\\/57de794622f9ab7ee7c7a15191ecc8e5\"},\"headline\":\"Asl\u0131can \u00c7akkalkurt\",\"datePublished\":\"2026-04-14T13:53:24+00:00\",\"dateModified\":\"2026-04-14T14:09:22+00:00\",\"mainEntityOfPage\":{\"@id\":\"https:\\\/\\\/www.veraclinic.net\\\/de\\\/unsere-arzte\\\/aslican-cakkalkurt\\\/\"},\"wordCount\":102,\"publisher\":{\"@id\":\"https:\\\/\\\/www.veraclinic.net\\\/de\\\/#organization\"},\"image\":{\"@id\":\"https:\\\/\\\/www.veraclinic.net\\\/de\\\/unsere-arzte\\\/aslican-cakkalkurt\\\/#primaryimage\"},\"thumbnailUrl\":\"https:\\\/\\\/www.veraclinic.net\\\/wp-content\\\/uploads\\\/2026\\\/04\\\/dktor.png\",\"inLanguage\":\"de\",\"reviewedBy\":{\"@type\":\"Physician\",\"@id\":\"https:\\\/\\\/www.veraclinic.net\\\/our-doctors\\\/emin-gul\\\/#physician\"},\"lastReviewed\":\"2026-04-14\",\"audience\":{\"@type\":\"MedicalAudience\",\"audienceType\":\"Patients\"}},{\"@type\":\"MedicalWebPage\",\"@id\":\"https:\\\/\\\/www.veraclinic.net\\\/de\\\/unsere-arzte\\\/aslican-cakkalkurt\\\/\",\"url\":\"https:\\\/\\\/www.veraclinic.net\\\/de\\\/unsere-arzte\\\/aslican-cakkalkurt\\\/\",\"name\":\"Asl\u0131can \u00c7akkalkurt - Vera Clinic\",\"isPartOf\":{\"@id\":\"https:\\\/\\\/www.veraclinic.net\\\/de\\\/#website\"},\"primaryImageOfPage\":{\"@id\":\"https:\\\/\\\/www.veraclinic.net\\\/de\\\/unsere-arzte\\\/aslican-cakkalkurt\\\/#primaryimage\"},\"image\":{\"@id\":\"https:\\\/\\\/www.veraclinic.net\\\/de\\\/unsere-arzte\\\/aslican-cakkalkurt\\\/#primaryimage\"},\"thumbnailUrl\":\"https:\\\/\\\/www.veraclinic.net\\\/wp-content\\\/uploads\\\/2026\\\/04\\\/dktor.png\",\"datePublished\":\"2026-04-14T13:53:24+00:00\",\"dateModified\":\"2026-04-14T14:09:22+00:00\",\"description\":\"Aslican Cakkalkurt ist an der Medizinischen Fakult\u00e4t Istanbul auf \u201eUnterwasser- und Hyperbarmedizin\u201c spezialisiert. Dar\u00fcber hinaus hat sie sich auf Bereiche der Komplement\u00e4rmedizin wie Ozontherapie, Phytotherapie, Aromatherapie, Mesotherapie, Reflexzonenmassage und Schr\u00f6pftherapie spezialisiert.\",\"breadcrumb\":{\"@id\":\"https:\\\/\\\/www.veraclinic.net\\\/de\\\/unsere-arzte\\\/aslican-cakkalkurt\\\/#breadcrumb\"},\"inLanguage\":\"de\",\"potentialAction\":[{\"@type\":\"ReadAction\",\"target\":[\"https:\\\/\\\/www.veraclinic.net\\\/de\\\/unsere-arzte\\\/aslican-cakkalkurt\\\/\"]}],\"reviewedBy\":{\"@type\":\"Physician\",\"@id\":\"https:\\\/\\\/www.veraclinic.net\\\/our-doctors\\\/emin-gul\\\/#physician\"},\"lastReviewed\":\"2026-04-14\",\"audience\":{\"@type\":\"MedicalAudience\",\"audienceType\":\"Patients\"}},{\"@type\":\"ImageObject\",\"inLanguage\":\"de\",\"@id\":\"https:\\\/\\\/www.veraclinic.net\\\/de\\\/unsere-arzte\\\/aslican-cakkalkurt\\\/#primaryimage\",\"url\":\"https:\\\/\\\/www.veraclinic.net\\\/wp-content\\\/uploads\\\/2026\\\/04\\\/dktor.png\",\"contentUrl\":\"https:\\\/\\\/www.veraclinic.net\\\/wp-content\\\/uploads\\\/2026\\\/04\\\/dktor.png\"},{\"@type\":\"BreadcrumbList\",\"@id\":\"https:\\\/\\\/www.veraclinic.net\\\/de\\\/unsere-arzte\\\/aslican-cakkalkurt\\\/#breadcrumb\",\"itemListElement\":[{\"@type\":\"ListItem\",\"position\":1,\"name\":\"Haartransplantation in der T\u00fcrkei\",\"item\":\"https:\\\/\\\/www.veraclinic.net\\\/de\\\/\"},{\"@type\":\"ListItem\",\"position\":2,\"name\":\"Unsere \u00c4rzte\",\"item\":\"https:\\\/\\\/www.veraclinic.net\\\/de\\\/unsere-arzte\\\/\"},{\"@type\":\"ListItem\",\"position\":3,\"name\":\"Asl\u0131can \u00c7akkalkurt\"}]},{\"@type\":\"WebSite\",\"@id\":\"https:\\\/\\\/www.veraclinic.net\\\/de\\\/#website\",\"url\":\"https:\\\/\\\/www.veraclinic.net\\\/de\\\/\",\"name\":\"Hair Transplant Turkey - Istanbul 2026\",\"description\":\"Hair Transplant Turkey - Istanbul 2026\",\"publisher\":{\"@id\":\"https:\\\/\\\/www.veraclinic.net\\\/de\\\/#organization\"},\"alternateName\":\"Vera Clinic\",\"potentialAction\":[{\"@type\":\"SearchAction\",\"target\":{\"@type\":\"EntryPoint\",\"urlTemplate\":\"https:\\\/\\\/www.veraclinic.net\\\/de\\\/?s={search_term_string}\"},\"query-input\":{\"@type\":\"PropertyValueSpecification\",\"valueRequired\":true,\"valueName\":\"search_term_string\"}}],\"inLanguage\":\"de\"},{\"@type\":[\"Organization\",\"MedicalBusiness\",\"MedicalOrganization\"],\"@id\":\"https:\\\/\\\/www.veraclinic.net\\\/#medicalorg\",\"name\":\"Vera Clinic | Hair Transplant Turkey - Istanbul\",\"alternateName\":\"Vera Clinic\",\"url\":\"https:\\\/\\\/www.veraclinic.net\\\/de\\\/\",\"logo\":{\"@type\":\"ImageObject\",\"inLanguage\":\"de\",\"@id\":\"https:\\\/\\\/www.veraclinic.net\\\/de\\\/#\\\/schema\\\/logo\\\/image\\\/\",\"url\":\"https:\\\/\\\/www.veraclinic.net\\\/wp-content\\\/uploads\\\/2023\\\/08\\\/Black.svg\",\"contentUrl\":\"https:\\\/\\\/www.veraclinic.net\\\/wp-content\\\/uploads\\\/2023\\\/08\\\/Black.svg\",\"caption\":\"Vera Clinic | Hair Transplant Turkey - Istanbul\"},\"image\":{\"@id\":\"https:\\\/\\\/www.veraclinic.net\\\/de\\\/#\\\/schema\\\/logo\\\/image\\\/\"},\"sameAs\":[\"https:\\\/\\\/www.facebook.com\\\/veraclinic.net\",\"https:\\\/\\\/x.com\\\/veraclinic\",\"https:\\\/\\\/www.instagram.com\\\/veraclinic\",\"https:\\\/\\\/www.linkedin.com\\\/company\\\/veraclinic\\\/\",\"https:\\\/\\\/www.pinterest.com\\\/veraclinic\\\/\",\"https:\\\/\\\/www.youtube.com\\\/c\\\/VeraClinic\"],\"legalName\":\"ESTEVERA SA\u011eLIK H\u0130Z. VE DAN. T\u0130C. LTD. ST\u0130.\",\"vatID\":\"936499-0\",\"taxID\":\"3800538109\",\"medicalSpecialty\":[\"Dermatology\",\"PlasticSurgery\",\"Hair Restoration\"],\"slogan\":\"Hair Transplant Turkey - Istanbul 2026\",\"department\":{\"@type\":\"MedicalClinic\",\"name\":\"Hair Restoration Clinic\",\"image\":\"https:\\\/\\\/www.veraclinic.net\\\/wp-content\\\/uploads\\\/2023\\\/08\\\/Black.svg\"}},{\"@type\":\"Person\",\"@id\":\"https:\\\/\\\/www.veraclinic.net\\\/de\\\/#\\\/schema\\\/person\\\/57de794622f9ab7ee7c7a15191ecc8e5\",\"name\":\"Sude Anbarl\u0131\",\"image\":{\"@type\":\"ImageObject\",\"inLanguage\":\"de\",\"@id\":\"https:\\\/\\\/secure.gravatar.com\\\/avatar\\\/a26e38e21a5655c0b81201e27cd0260adb37948cfb3bda26a7aa243b0cf3610d?s=96&d=mm&r=g\",\"url\":\"https:\\\/\\\/secure.gravatar.com\\\/avatar\\\/a26e38e21a5655c0b81201e27cd0260adb37948cfb3bda26a7aa243b0cf3610d?s=96&d=mm&r=g\",\"contentUrl\":\"https:\\\/\\\/secure.gravatar.com\\\/avatar\\\/a26e38e21a5655c0b81201e27cd0260adb37948cfb3bda26a7aa243b0cf3610d?s=96&d=mm&r=g\",\"caption\":\"Sude Anbarl\u0131\"}}]}<\/script>\n<!-- \/ Yoast SEO Premium plugin. -->","yoast_head_json":{"title":"Asl\u0131can \u00c7akkalkurt - Vera Clinic","description":"Aslican Cakkalkurt ist an der Medizinischen Fakult\u00e4t Istanbul auf \u201eUnterwasser- und Hyperbarmedizin\u201c spezialisiert. Dar\u00fcber hinaus hat sie sich auf Bereiche der Komplement\u00e4rmedizin wie Ozontherapie, Phytotherapie, Aromatherapie, Mesotherapie, Reflexzonenmassage und Schr\u00f6pftherapie spezialisiert.","robots":{"index":"index","follow":"follow","max-snippet":"max-snippet:-1","max-image-preview":"max-image-preview:large","max-video-preview":"max-video-preview:-1"},"canonical":"https:\/\/www.veraclinic.net\/de\/unsere-arzte\/aslican-cakkalkurt\/","og_locale":"de_DE","og_type":"article","og_title":"Asl\u0131can \u00c7akkalkurt","og_description":"Aslican Cakkalkurt ist an der Medizinischen Fakult\u00e4t Istanbul auf \u201eUnterwasser- und Hyperbarmedizin\u201c spezialisiert. Dar\u00fcber hinaus hat sie sich auf Bereiche der Komplement\u00e4rmedizin wie Ozontherapie, Phytotherapie, Aromatherapie, Mesotherapie, Reflexzonenmassage und Schr\u00f6pftherapie spezialisiert.","og_url":"https:\/\/www.veraclinic.net\/de\/unsere-arzte\/aslican-cakkalkurt\/","og_site_name":"VeraClinic","article_publisher":"https:\/\/www.facebook.com\/veraclinic.net","article_modified_time":"2026-04-14T14:09:22+00:00","og_image":[{"url":"https:\/\/www.veraclinic.net\/wp-content\/uploads\/2026\/04\/dktor.png","type":"","width":"","height":""}],"twitter_card":"summary_large_image","twitter_site":"@veraclinic","twitter_misc":{"Gesch\u00e4tzte Lesezeit":"1\u00a0Minute"},"schema":{"@context":"https:\/\/schema.org","@graph":[{"@type":"MedicalWebPage","@id":"https:\/\/www.veraclinic.net\/de\/unsere-arzte\/aslican-cakkalkurt\/#article","isPartOf":{"@id":"https:\/\/www.veraclinic.net\/de\/unsere-arzte\/aslican-cakkalkurt\/"},"author":{"name":"Sude Anbarl\u0131","@id":"https:\/\/www.veraclinic.net\/de\/#\/schema\/person\/57de794622f9ab7ee7c7a15191ecc8e5"},"headline":"Asl\u0131can \u00c7akkalkurt","datePublished":"2026-04-14T13:53:24+00:00","dateModified":"2026-04-14T14:09:22+00:00","mainEntityOfPage":{"@id":"https:\/\/www.veraclinic.net\/de\/unsere-arzte\/aslican-cakkalkurt\/"},"wordCount":102,"publisher":{"@id":"https:\/\/www.veraclinic.net\/de\/#organization"},"image":{"@id":"https:\/\/www.veraclinic.net\/de\/unsere-arzte\/aslican-cakkalkurt\/#primaryimage"},"thumbnailUrl":"https:\/\/www.veraclinic.net\/wp-content\/uploads\/2026\/04\/dktor.png","inLanguage":"de","reviewedBy":{"@type":"Physician","@id":"https:\/\/www.veraclinic.net\/our-doctors\/emin-gul\/#physician"},"lastReviewed":"2026-04-14","audience":{"@type":"MedicalAudience","audienceType":"Patients"}},{"@type":"MedicalWebPage","@id":"https:\/\/www.veraclinic.net\/de\/unsere-arzte\/aslican-cakkalkurt\/","url":"https:\/\/www.veraclinic.net\/de\/unsere-arzte\/aslican-cakkalkurt\/","name":"Asl\u0131can \u00c7akkalkurt - Vera Clinic","isPartOf":{"@id":"https:\/\/www.veraclinic.net\/de\/#website"},"primaryImageOfPage":{"@id":"https:\/\/www.veraclinic.net\/de\/unsere-arzte\/aslican-cakkalkurt\/#primaryimage"},"image":{"@id":"https:\/\/www.veraclinic.net\/de\/unsere-arzte\/aslican-cakkalkurt\/#primaryimage"},"thumbnailUrl":"https:\/\/www.veraclinic.net\/wp-content\/uploads\/2026\/04\/dktor.png","datePublished":"2026-04-14T13:53:24+00:00","dateModified":"2026-04-14T14:09:22+00:00","description":"Aslican Cakkalkurt ist an der Medizinischen Fakult\u00e4t Istanbul auf \u201eUnterwasser- und Hyperbarmedizin\u201c spezialisiert. Dar\u00fcber hinaus hat sie sich auf Bereiche der Komplement\u00e4rmedizin wie Ozontherapie, Phytotherapie, Aromatherapie, Mesotherapie, Reflexzonenmassage und Schr\u00f6pftherapie spezialisiert.","breadcrumb":{"@id":"https:\/\/www.veraclinic.net\/de\/unsere-arzte\/aslican-cakkalkurt\/#breadcrumb"},"inLanguage":"de","potentialAction":[{"@type":"ReadAction","target":["https:\/\/www.veraclinic.net\/de\/unsere-arzte\/aslican-cakkalkurt\/"]}],"reviewedBy":{"@type":"Physician","@id":"https:\/\/www.veraclinic.net\/our-doctors\/emin-gul\/#physician"},"lastReviewed":"2026-04-14","audience":{"@type":"MedicalAudience","audienceType":"Patients"}},{"@type":"ImageObject","inLanguage":"de","@id":"https:\/\/www.veraclinic.net\/de\/unsere-arzte\/aslican-cakkalkurt\/#primaryimage","url":"https:\/\/www.veraclinic.net\/wp-content\/uploads\/2026\/04\/dktor.png","contentUrl":"https:\/\/www.veraclinic.net\/wp-content\/uploads\/2026\/04\/dktor.png"},{"@type":"BreadcrumbList","@id":"https:\/\/www.veraclinic.net\/de\/unsere-arzte\/aslican-cakkalkurt\/#breadcrumb","itemListElement":[{"@type":"ListItem","position":1,"name":"Haartransplantation in der T\u00fcrkei","item":"https:\/\/www.veraclinic.net\/de\/"},{"@type":"ListItem","position":2,"name":"Unsere \u00c4rzte","item":"https:\/\/www.veraclinic.net\/de\/unsere-arzte\/"},{"@type":"ListItem","position":3,"name":"Asl\u0131can \u00c7akkalkurt"}]},{"@type":"WebSite","@id":"https:\/\/www.veraclinic.net\/de\/#website","url":"https:\/\/www.veraclinic.net\/de\/","name":"Hair Transplant Turkey - Istanbul 2026","description":"Hair Transplant Turkey - Istanbul 2026","publisher":{"@id":"https:\/\/www.veraclinic.net\/de\/#organization"},"alternateName":"Vera Clinic","potentialAction":[{"@type":"SearchAction","target":{"@type":"EntryPoint","urlTemplate":"https:\/\/www.veraclinic.net\/de\/?s={search_term_string}"},"query-input":{"@type":"PropertyValueSpecification","valueRequired":true,"valueName":"search_term_string"}}],"inLanguage":"de"},{"@type":["Organization","MedicalBusiness","MedicalOrganization"],"@id":"https:\/\/www.veraclinic.net\/#medicalorg","name":"Vera Clinic | Hair Transplant Turkey - Istanbul","alternateName":"Vera Clinic","url":"https:\/\/www.veraclinic.net\/de\/","logo":{"@type":"ImageObject","inLanguage":"de","@id":"https:\/\/www.veraclinic.net\/de\/#\/schema\/logo\/image\/","url":"https:\/\/www.veraclinic.net\/wp-content\/uploads\/2023\/08\/Black.svg","contentUrl":"https:\/\/www.veraclinic.net\/wp-content\/uploads\/2023\/08\/Black.svg","caption":"Vera Clinic | Hair Transplant Turkey - Istanbul"},"image":{"@id":"https:\/\/www.veraclinic.net\/de\/#\/schema\/logo\/image\/"},"sameAs":["https:\/\/www.facebook.com\/veraclinic.net","https:\/\/x.com\/veraclinic","https:\/\/www.instagram.com\/veraclinic","https:\/\/www.linkedin.com\/company\/veraclinic\/","https:\/\/www.pinterest.com\/veraclinic\/","https:\/\/www.youtube.com\/c\/VeraClinic"],"legalName":"ESTEVERA SA\u011eLIK H\u0130Z. VE DAN. T\u0130C. LTD. ST\u0130.","vatID":"936499-0","taxID":"3800538109","medicalSpecialty":["Dermatology","PlasticSurgery","Hair Restoration"],"slogan":"Hair Transplant Turkey - Istanbul 2026","department":{"@type":"MedicalClinic","name":"Hair Restoration Clinic","image":"https:\/\/www.veraclinic.net\/wp-content\/uploads\/2023\/08\/Black.svg"}},{"@type":"Person","@id":"https:\/\/www.veraclinic.net\/de\/#\/schema\/person\/57de794622f9ab7ee7c7a15191ecc8e5","name":"Sude Anbarl\u0131","image":{"@type":"ImageObject","inLanguage":"de","@id":"https:\/\/secure.gravatar.com\/avatar\/a26e38e21a5655c0b81201e27cd0260adb37948cfb3bda26a7aa243b0cf3610d?s=96&d=mm&r=g","url":"https:\/\/secure.gravatar.com\/avatar\/a26e38e21a5655c0b81201e27cd0260adb37948cfb3bda26a7aa243b0cf3610d?s=96&d=mm&r=g","contentUrl":"https:\/\/secure.gravatar.com\/avatar\/a26e38e21a5655c0b81201e27cd0260adb37948cfb3bda26a7aa243b0cf3610d?s=96&d=mm&r=g","caption":"Sude Anbarl\u0131"}}]}},"_links":{"self":[{"href":"https:\/\/www.veraclinic.net\/de\/wp-json\/wp\/v2\/pages\/167162","targetHints":{"allow":["GET"]}}],"collection":[{"href":"https:\/\/www.veraclinic.net\/de\/wp-json\/wp\/v2\/pages"}],"about":[{"href":"https:\/\/www.veraclinic.net\/de\/wp-json\/wp\/v2\/types\/page"}],"author":[{"embeddable":true,"href":"https:\/\/www.veraclinic.net\/de\/wp-json\/wp\/v2\/users\/15"}],"replies":[{"embeddable":true,"href":"https:\/\/www.veraclinic.net\/de\/wp-json\/wp\/v2\/comments?post=167162"}],"version-history":[{"count":1,"href":"https:\/\/www.veraclinic.net\/de\/wp-json\/wp\/v2\/pages\/167162\/revisions"}],"predecessor-version":[{"id":167163,"href":"https:\/\/www.veraclinic.net\/de\/wp-json\/wp\/v2\/pages\/167162\/revisions\/167163"}],"up":[{"embeddable":true,"href":"https:\/\/www.veraclinic.net\/de\/wp-json\/wp\/v2\/pages\/90825"}],"wp:attachment":[{"href":"https:\/\/www.veraclinic.net\/de\/wp-json\/wp\/v2\/media?parent=167162"}],"curies":[{"name":"wp","href":"https:\/\/api.w.org\/{rel}","templated":true}]}}